{"id":426,"date":"2024-01-27T12:58:24","date_gmt":"2024-01-27T12:58:24","guid":{"rendered":"https:\/\/aladanza.com\/accesibilida\/"},"modified":"2024-03-05T15:27:10","modified_gmt":"2024-03-05T15:27:10","slug":"accesibilida","status":"publish","type":"page","link":"https:\/\/aladanza.com\/ast-es\/accesibilida\/","title":{"rendered":"Accesibilid\u00e1"},"content":{"rendered":"<p>[et_pb_section fb_built=&#8221;1&#8243; admin_label=&#8221;Header&#8221; _builder_version=&#8221;4.21.0&#8243; _module_preset=&#8221;default&#8221; custom_padding=&#8221;||0px||false|false&#8221; collapsed=&#8221;on&#8221; global_colors_info=&#8221;{}&#8221; theme_builder_area=&#8221;post_content&#8221;][et_pb_row _builder_version=&#8221;4.21.0&#8243; _module_preset=&#8221;default&#8221; global_colors_info=&#8221;{}&#8221; theme_builder_area=&#8221;post_content&#8221;][et_pb_column type=&#8221;4_4&#8243; _builder_version=&#8221;4.21.0&#8243; _module_preset=&#8221;default&#8221; global_colors_info=&#8221;{}&#8221; theme_builder_area=&#8221;post_content&#8221;][et_pb_text _builder_version=&#8221;4.24.0&#8243; _module_preset=&#8221;_initial&#8221; header_font=&#8221;Libre Franklin|300||on|||||&#8221; header_text_color=&#8221;#0079c0&#8243; header_font_size=&#8221;80px&#8221; header_line_height=&#8221;1.2em&#8221; hover_enabled=&#8221;0&#8243; header_font_size_tablet=&#8221;40px&#8221; header_font_size_phone=&#8221;24px&#8221; header_font_size_last_edited=&#8221;on|phone&#8221; global_colors_info=&#8221;{}&#8221; theme_builder_area=&#8221;post_content&#8221; sticky_enabled=&#8221;0&#8243;]<\/p>\n<h1>DECLARACI\u00d3N D&#8217;ACCESIBILID\u00c1<\/h1>\n<div id=\"gtx-trans\" style=\"position: absolute; left: 190px; top: 5.09375px;\">\n<div class=\"gtx-trans-icon\">\u00a0<\/div>\n<\/div>\n<p>[\/et_pb_text][\/et_pb_column][\/et_pb_row][\/et_pb_section][et_pb_section fb_built=&#8221;1&#8243; admin_label=&#8221;About&#8221; _builder_version=&#8221;4.21.0&#8243; _module_preset=&#8221;default&#8221; collapsed=&#8221;on&#8221; global_colors_info=&#8221;{}&#8221; theme_builder_area=&#8221;post_content&#8221;][et_pb_row _builder_version=&#8221;4.21.0&#8243; _module_preset=&#8221;default&#8221; global_colors_info=&#8221;{}&#8221; theme_builder_area=&#8221;post_content&#8221;][et_pb_column type=&#8221;4_4&#8243; _builder_version=&#8221;4.21.0&#8243; _module_preset=&#8221;default&#8221; global_colors_info=&#8221;{}&#8221; theme_builder_area=&#8221;post_content&#8221;][et_pb_text module_class=&#8221;pa-bullet-list-1&#8243; _builder_version=&#8221;4.24.0&#8243; _module_preset=&#8221;_initial&#8221; text_font=&#8221;Nunito Sans||||||||&#8221; text_font_size=&#8221;16px&#8221; text_line_height=&#8221;1.8em&#8221; hover_enabled=&#8221;0&#8243; text_font_size_tablet=&#8221;15px&#8221; text_font_size_phone=&#8221;14px&#8221; text_font_size_last_edited=&#8221;on|desktop&#8221; custom_css_free_form=&#8221;\/*bullet checklist by www.peeayecreative.com*\/||.pa-bullet-list-1 ul {||list-style-type: none!important;||}||||.pa-bullet-list-1 ul li:before {||content: &#8216;%9224&#8217;!important;||color: #0079c0;||font-family: &#8216;ETMODULES&#8217;!important;||margin-right: 10px;||margin-left: -29px;||font-size: 1.2em!important;||}||||.pa-bullet-list-1 ul li strong {|| text-transform: uppercase;||  font-weight: 300;||  color: #0079c0;||}||&#8221; global_colors_info=&#8221;{}&#8221; theme_builder_area=&#8221;post_content&#8221; sticky_enabled=&#8221;0&#8243;]<\/p>\n<h1>DECLARACI\u00d3N D&#8217;ACCESIBILID\u00c1<\/h1>\n<p>Rosa Mar\u00eda Cuervo Jim\u00e9nez comprometi\u00f3se a faer accesible el so sitiu web, de conformid\u00e1 col Real Decreto 1112\/2018, de 7 de setiembre, sobro accesibilid\u00e1 de los sitios web y aplicaciones pa dispositivos m\u00f3viles del sector p\u00fablicu.<\/p>\n<p>La presente declaraci\u00f3n de accesibilidad aplicase al sitiu web https:\/\/aladanza.com<\/p>\n<p><strong>Situaci\u00f3n de cumplimientu<\/strong><\/p>\n<p>Este sitio web at\u00f3pase desenvueltu conforme con el\u00a0RD 1112\/2018<\/p>\n<p><strong>Preparaci\u00f3n pa la siguiente declaraci\u00f3n d&#8217;accesibilid\u00e1<\/strong><\/p>\n<p>La presente declaraci\u00f3n foi preparada el 20 de febreru de 2023.<\/p>\n<p>El m\u00e9todu empleg\u00e1u para preparar la declaraci\u00f3n foi una autoevaluaci\u00f3n.<\/p>\n<p><strong>Observaciones y datos de contactu<\/strong><\/p>\n<p>Puede facer comunicaciones sobre requisitos d&#8217;accesibilid\u00e1 (art\u00edculu 10.2.a del RD 1112\/2018) como, por exemplu:<\/p>\n<ul>\n<li>Informar sobre cualaquier posible incumplimientu per parte d&#8217;esti sitiu web.<\/li>\n<li>Tresmitir otres dificultaes d&#8217;accesu al conten\u00edu.<\/li>\n<li>Formular cuaalquier otra consulta o suxerencia de meyora relativa a l&#8217;accesibilid\u00e1 del sitiu web.<\/li>\n<\/ul>\n<p>al travi\u00e9s del <a role=\"link\" href=\"https:\/\/aladanza.com\/ast-es\/contactu\/\">formulariu de contactu<\/a> d&#8217;esti sitiu web.<\/p>\n<p>Puede presentar:<\/p>\n<ul>\n<li>Quexa relativa al cumplimientu de los requisitos del RD 1112\/2018 o<\/li>\n<li>Solicit\u00fa d&#8217;Informaci\u00f3n accesible relativa a:\n<ul>\n<li>Conten\u00edos que t\u00e1n escluy\u00edos del \u00e1mbitu d&#8217;aplicaci\u00f3n del RD 1112\/2018 seg\u00fan lo afitao nel art\u00edculu 3, apart\u00e1u 4.<\/li>\n<li>Conten\u00edos que t\u00e1n exentos del cumplimientu de los requisitos d&#8217;accesibilid\u00e1 por imponer una carga desproporcionada.<\/li>\n<\/ul>\n<\/li>\n<\/ul>\n<p>Na Solicit\u00fa d&#8217;informaci\u00f3n accesible, tien de concretase, con toa clarid\u00e1, los fechos, razones y pidimientu que dexen constatar que se trata d&#8217;una solicit\u00fa razonable y lex\u00edtima.<\/p>\n<p>Les quexes y reclamaciones sobre informaci\u00f3n accesible van facese al travi\u00e9s de la s\u00e9 electr\u00f3nica (<a role=\"link\" href=\"https:\/\/sede.red.gob.es\/procedimientos\/quejas-y-sugerencias\">https:\/\/sede.red.gob.es\/procedimientos\/quejas-y-sugerencias)<\/a>, y van ser recib\u00edes y trataes pol \u00e1rea de Sistemes de la Informaci\u00f3n de Red.es.<\/p>\n<p><strong>Conten\u00edu opcional<\/strong><\/p>\n<p>Si deseya camudar el tama\u00f1u de lletra del testu nos principales navegadores gr\u00e1ficos utilice los siguientes men\u00faes:<\/p>\n<ul>\n<li>Internet Explorer, Mozilla y Firefox: Ver &gt; Tama\u00f1u del textu<\/li>\n<li>Opera: Ver &gt; Zoom<\/li>\n<li>Safari: Ver &gt; Facer el textu m\u00e1s grande<\/li>\n<li>Chrome: Controla la p\u00e1xina actual &gt; Tama\u00f1u del textu<\/li>\n<li>Pa camudar el tama\u00f1u de too na p\u00e1xina:\n<ul>\n<li>Ctrl + + pa aumentalo<\/li>\n<li>Ctrl + \u2013 pa mengualo<\/li>\n<li>Ctrl + 0 restaura el tama\u00f1u orixinal del textu<\/li>\n<li>Si lo que quier ye anular la fueya d&#8217;estilos o modificar el color del testu, puede consultar la p\u00e1xina\u00a0How to Change Text Size or Colors de la WAI, que puede lleese traducida al espa\u00f1ol en \u00bfC\u00f3mo camudar el tama\u00f1u del testu o colores?<\/li>\n<\/ul>\n<\/li>\n<\/ul>\n<p>[\/et_pb_text][\/et_pb_column][\/et_pb_row][\/et_pb_section]<\/p>\n","protected":false},"excerpt":{"rendered":"<p>DECLARACI\u00d3N D&#8217;ACCESIBILID\u00c1 \u00a0 DECLARACI\u00d3N D&#8217;ACCESIBILID\u00c1 Rosa Mar\u00eda Cuervo Jim\u00e9nez comprometi\u00f3se a faer accesible el so sitiu web, de conformid\u00e1 col Real Decreto 1112\/2018, de 7 de setiembre, sobro accesibilid\u00e1 de los sitios web y aplicaciones pa dispositivos m\u00f3viles del sector p\u00fablicu. La presente declaraci\u00f3n de accesibilidad aplicase al sitiu web https:\/\/aladanza.com Situaci\u00f3n de cumplimientu Este [&hellip;]<\/p>\n","protected":false},"author":1,"featured_media":0,"parent":0,"menu_order":0,"comment_status":"closed","ping_status":"closed","template":"","meta":{"_seopress_robots_primary_cat":"","_seopress_titles_title":"","_seopress_titles_desc":"","_seopress_robots_index":"","_et_pb_use_builder":"on","_et_pb_old_content":"","_et_gb_content_width":"","footnotes":""},"class_list":["post-426","page","type-page","status-publish","hentry"],"_links":{"self":[{"href":"https:\/\/aladanza.com\/ast-es\/wp-json\/wp\/v2\/pages\/426","targetHints":{"allow":["GET"]}}],"collection":[{"href":"https:\/\/aladanza.com\/ast-es\/wp-json\/wp\/v2\/pages"}],"about":[{"href":"https:\/\/aladanza.com\/ast-es\/wp-json\/wp\/v2\/types\/page"}],"author":[{"embeddable":true,"href":"https:\/\/aladanza.com\/ast-es\/wp-json\/wp\/v2\/users\/1"}],"replies":[{"embeddable":true,"href":"https:\/\/aladanza.com\/ast-es\/wp-json\/wp\/v2\/comments?post=426"}],"version-history":[{"count":0,"href":"https:\/\/aladanza.com\/ast-es\/wp-json\/wp\/v2\/pages\/426\/revisions"}],"wp:attachment":[{"href":"https:\/\/aladanza.com\/ast-es\/wp-json\/wp\/v2\/media?parent=426"}],"curies":[{"name":"wp","href":"https:\/\/api.w.org\/{rel}","templated":true}]}}