{"id":338,"date":"2024-01-27T12:58:24","date_gmt":"2024-01-27T12:58:24","guid":{"rendered":"https:\/\/aladanza.com\/politica-de-privacida\/"},"modified":"2024-02-27T18:27:38","modified_gmt":"2024-02-27T18:27:38","slug":"politica-de-privacida","status":"publish","type":"page","link":"https:\/\/aladanza.com\/ast-es\/politica-de-privacida\/","title":{"rendered":"Pol\u00edtica de Privacid\u00e1"},"content":{"rendered":"<p>[et_pb_section fb_built=&#8221;1&#8243; admin_label=&#8221;Header&#8221; _builder_version=&#8221;4.21.0&#8243; _module_preset=&#8221;default&#8221; custom_padding=&#8221;||0px||false|false&#8221; collapsed=&#8221;on&#8221; global_colors_info=&#8221;{}&#8221; theme_builder_area=&#8221;post_content&#8221;][et_pb_row _builder_version=&#8221;4.21.0&#8243; _module_preset=&#8221;default&#8221; global_colors_info=&#8221;{}&#8221; theme_builder_area=&#8221;post_content&#8221;][et_pb_column type=&#8221;4_4&#8243; _builder_version=&#8221;4.21.0&#8243; _module_preset=&#8221;default&#8221; global_colors_info=&#8221;{}&#8221; theme_builder_area=&#8221;post_content&#8221;][et_pb_text _builder_version=&#8221;4.24.0&#8243; _module_preset=&#8221;_initial&#8221; header_font=&#8221;Libre Franklin|300||on|||||&#8221; header_text_color=&#8221;#0079c0&#8243; header_font_size=&#8221;80px&#8221; header_line_height=&#8221;1.2em&#8221; hover_enabled=&#8221;0&#8243; header_font_size_tablet=&#8221;40px&#8221; header_font_size_phone=&#8221;24px&#8221; header_font_size_last_edited=&#8221;on|phone&#8221; global_colors_info=&#8221;{}&#8221; theme_builder_area=&#8221;post_content&#8221; sticky_enabled=&#8221;0&#8243;]<\/p>\n<h1>Pol\u00edtica de Privacid\u00e1<\/h1>\n<div id=\"gtx-trans\" style=\"position: absolute; left: 131px; top: 64.4375px;\">\n<div class=\"gtx-trans-icon\"><\/div>\n<\/div>\n<p>[\/et_pb_text][\/et_pb_column][\/et_pb_row][\/et_pb_section][et_pb_section fb_built=&#8221;1&#8243; admin_label=&#8221;About&#8221; _builder_version=&#8221;4.21.0&#8243; _module_preset=&#8221;default&#8221; collapsed=&#8221;on&#8221; global_colors_info=&#8221;{}&#8221; theme_builder_area=&#8221;post_content&#8221;][et_pb_row _builder_version=&#8221;4.21.0&#8243; _module_preset=&#8221;default&#8221; global_colors_info=&#8221;{}&#8221; theme_builder_area=&#8221;post_content&#8221;][et_pb_column type=&#8221;4_4&#8243; _builder_version=&#8221;4.21.0&#8243; _module_preset=&#8221;default&#8221; global_colors_info=&#8221;{}&#8221; theme_builder_area=&#8221;post_content&#8221;][et_pb_text module_class=&#8221;pa-bullet-list-1&#8243; _builder_version=&#8221;4.24.0&#8243; _module_preset=&#8221;_initial&#8221; text_font=&#8221;Nunito Sans||||||||&#8221; text_font_size=&#8221;16px&#8221; text_line_height=&#8221;1.8em&#8221; hover_enabled=&#8221;0&#8243; text_font_size_tablet=&#8221;15px&#8221; text_font_size_phone=&#8221;14px&#8221; text_font_size_last_edited=&#8221;on|desktop&#8221; custom_css_free_form=&#8221;\/*bullet checklist by www.peeayecreative.com*\/||.pa-bullet-list-1 ul {||list-style-type: none!important;||}||||.pa-bullet-list-1 ul li:before {||content: &#8216;%9224&#8217;!important;||color: #0079c0;||font-family: &#8216;ETMODULES&#8217;!important;||margin-right: 10px;||margin-left: -29px;||font-size: 1.2em!important;||}||||.pa-bullet-list-1 ul li strong {|| text-transform: uppercase;||  font-weight: 300;||  color: #0079c0;||}||&#8221; global_colors_info=&#8221;{}&#8221; theme_builder_area=&#8221;post_content&#8221; sticky_enabled=&#8221;0&#8243;]<\/p>\n<p>En cumplimientu de lo dispuesto nel Reglamentu Xeneral de Protecci\u00f3n de Datos vixente na Uni\u00f3n Europea, el titular d\u2019esti consentimientu autoriza a Rosa Mar\u00eda Cuervo Jim\u00e9nez a tratar los sos datos personales, y otorga esta autorizaci\u00f3n de manera espresa, llibre, inequ\u00edvoca y informada.<\/p>\n<p>De la mesma manera, el titular d\u2019esti consentimientu ta inform\u00e1u\/ada de los datos que siguen:<\/p>\n<p>RESPONSABLE DEL TRATAMIENTU. La responsable del tratamientu ye Rosa Mar\u00eda Cuervo Jim\u00e9nez con domicilio en C\/ Cortes de C\u00e1diz, 5 &#8211; Xix\u00f3n, Asturies. Email: info@aladanza.com<\/p>\n<p>FINALID\u00c1. Los datos van ser utilizados pa:<\/p>\n<ul>\n<li>Xestionar la solicit\u00fa de la informaci\u00f3n requerida.<\/li>\n<li>Informalu o informala sobre l\u2019activid\u00e1 y promociones de Rosa Mar\u00eda Cuervo Jim\u00e9nez (unvia-y comunicaciones de los nuestros productos, servicios, novedaes y actividaes, inclusive per medios electr\u00f3nicos, si marca la casiya d\u2019aceptaci\u00f3n).<\/li>\n<\/ul>\n<p>PLAZU DE CONSERVACI\u00d3N. Los datos personales proporcionaos van conservase demientres un plazu de cinco a\u00f1os a partir de la \u00faltima confirmaci\u00f3n del so inter\u00e9s, sacante que se solicite la so supresi\u00f3n pola persona interesada.<\/p>\n<p>En resolviendo la so solicit\u00fa d\u2019informaci\u00f3n pente medies del nuestru formulariu o contest\u00e1ndo-y per corr\u00e9u electr\u00f3nicu, si nun xener\u00f3 un tratamientu nuevu, los datos personales proporcionaos van conservase dende esi momentu y demientres los plazos previstos nes lleis pal cumplimientu d\u2019obligaciones llegales y pa l\u2019atenci\u00f3n y defensa de les posibles responsabilidaes nac\u00edes del tratamientu.<\/p>\n<p> Y en casu de tener aceptao recibir unvios comerciales (informar sobre l\u2019activid\u00e1), esos datos van conservase mientras dure la emprestaci\u00f3n del serviciu solicit\u00e1u, hasta que solicite la baxa de los mesmos. Y n\u2019acabando la nuestra rellaci\u00f3n, demientres los plazos previstos nes lleis pal cumplimientu d\u2019obligaciones llegales y pa l\u2019atenci\u00f3n y defensa de les posibles responsabilidaes nac\u00edes del tratamientu.<\/p>\n<p>LLEXITIMACI\u00d3N. La base xur\u00eddica del tratamientu tien el so fundamentu nel consentimientu qu\u2019ust\u00e9 como persona usuaria da al solicitanos informaci\u00f3n al travi\u00e9s del nuestru formulariu de contactos y al marcar la casiya d\u2019aceptaci\u00f3n d\u2019unviu d\u2019informaci\u00f3n.<\/p>\n<p>DESTINATARIOS. Nun ta prevista la cesi\u00f3n de los datos personales a terceros, con escepci\u00f3n de la informaci\u00f3n espresamente recoyida por llei.<\/p>\n<p> DERECHOS. La persona interesada va poder exercitar los derechos en rellaci\u00f3n colos sos datos personales que-y concede\u2019l RXPD: derechos d\u2019accesu, igua, supresi\u00f3n, a la limitaci\u00f3n del tratamientu, a la portabilid\u00e1 de los datos y a la oposici\u00f3n. L\u2019exerciciu d\u2019esos derechos va poder exercitalu dirix\u00e9ndose per escrito a la responsable del tratamientu. Asimesmo, tien derechu a retirar el consentimientu apurr\u00edu y a reclamar \u00e9nte l\u2019Agencia Espa\u00f1ola de Protecci\u00f3n de Datos, na so condici\u00f3n d\u2019Autoridad de Control. Si necesita ayuda pa formalizar esa solicit\u00fa, apurrir\u00e9mos-y un formulariu a tal efectu.<\/p>\n<p>PROCEDENCIA. Los datos recoy\u00edos ap\u00farrelos la persona interesada al travi\u00e9s de los formularios de la p\u00e1xina web www.aladanza.com.<\/p>\n<p>INFORMACI\u00d3N: Tolos datos van tratase conforme a esta pol\u00edtica de privacid\u00e1. Si nun tuviera d\u2019alcuerdu cola mesma, por favor, nun nos unvie los sos datos. Recuerde que puede ponese en contactu con n\u00f3s al travi\u00e9s del corr\u00e9u electr\u00f3nicu info@aladanza.com pa recibir informaci\u00f3n al respectu. Cuando nos unvia los sos datos personales al travi\u00e9s del formulariu de contactu, ye necesario que primero acepte esta pol\u00edtica de privacid\u00e1 y pa ello, habr\u00e1 marcar la casiya del checkbox \u201cLle\u00ed y acepto los t\u00e9rminos de la Pol\u00edtica de privacid\u00e1\u201d. El nuestru sistema nun-y va permitir mandar el formulariu, si nun acepta antes la pol\u00edtica.<\/p>\n<p>Cuando rellena\u2019l nuestru formulariu de contactu web, ta unvi\u00e1ndonos el so nome, tel\u00e9fonu y corr\u00e9u electr\u00f3nicu, datos personales somet\u00edos a la llexislaci\u00f3n vixente. Por ello, autor\u00edzanos de manera espresa a la recoyida y tratamientu de los mesmos, baxo les condiciones que ta lleendo. Esta informaci\u00f3n va emplegase nam\u00e1s pa xestionar les finalidaes recoy\u00edes nesti consentimientu.<\/p>\n<p>Les persones usuaries van responder, en cualesquier casu, de la veracid\u00e1 de los datos facilitaos y faense responsables de comunicar cualesquier modificaci\u00f3n nos mesmos, quedando Rosa Mar\u00eda Cuervo Jim\u00e9nez exenta de cualesquier tipu de responsabilid\u00e1 a esti respectu.<\/p>\n<p> Advi\u00e9rtese a la persona usuaria que, sacante la esistencia d\u2019una representaci\u00f3n llegalmente constituyida, nenguna persona usuaria puede utilizar la identid\u00e1 de otra persona y comunicar los sos datos personales, polo que la persona usuaria en tou momentu habr\u00e1 tener en cuenta que nam\u00e1s puede incluyir datos personales correspondientes a la so propia identid\u00e1 y que seyan adecuaos, pertinentes, actuales, exactos y verdaderos. A efectos talos, la persona usuaria va ser la \u00fanica responsable \u00e9nte cualesquier da\u00f1u, directu y\/o indirectu que cause a terceros o a Rosa Mar\u00eda Cuervo Jim\u00e9nez pol usu de datos personales d\u2019otra persona, o los sos propios datos personales cuando seyan falsos, err\u00f3neos, non actuales, inadecuaos o impertinentes. Igualmente la persona usuaria qu\u2019utilice los datos personales d\u2019un terceru, va responder \u00e9nte esti de la obligaci\u00f3n d\u2019informaci\u00f3n establecida nel art\u00edculu 5.4 de la LOPD pa cuando los datos de calter personal nun los atropara la propia interesada y\/o de les consecuencies de nun informar.<\/p>\n<p> Queda prohib\u00edu\u2019l so usu por persones menores de 18 a\u00f1os. Nel supuestu de que la persona usuaria seya menor d\u2019ed\u00e1, esta nam\u00e1s va poder apurrir los sos datos personales nos formularios de recoyida de los mesmos, col consentimientu previu de los padres o tutores, unviando\u2019l formulariu correspondiente debidamente firm\u00e1u polos padres o tutores per corr\u00e9u certific\u00e1u y con copia del DNI del padre o tutor firmante a la direcci\u00f3n que sigue: <a href=\"mailto:info@aladanza.com\">info@aladanza.com<\/a>.<\/p>\n<p>Rosa Mar\u00eda Cuervo Jim\u00e9nez nun respuende d\u2019aquellos datos de menores qu\u2019ensin poder conocer esti fechu s\u2019apurrieran ensin el consentimientu de los padres o tutores, polo que nun se fai responsable de les sos acciones, siendo en tou momentu\u2019l \/la propiu\/a menor y los padres o tutores quien se faiga cargu de les consecuencies llegales y los gastos que d\u2019ello se pudieren derivar.<\/p>\n<p>Si dalguna informaci\u00f3n provista pola persona usuaria resultara falsa o inexacta, Rosa Mar\u00eda Cuervo Jim\u00e9nez res\u00e9rvase\u2019l derechu de cancelar la suscripci\u00f3n de la persona usuaria y dar por terminaos los derechos de la persona usuaria a utilizar el Serviciu.<\/p>\n<p>Estos datos personales van incorporase a un rexistru titularid\u00e1 de Rosa Mar\u00eda Cuervo Jim\u00e9nez, que se manti\u00e9n nel Rexistru Xeneral de Protecci\u00f3n de Datos. Los datos personales van tratase principalmente en soporte automatiz\u00e1u, somet\u00edos a controles y mid\u00edes de segurid\u00e1 adecuaes, que van evitar na medida de lo posible, los accesos indeb\u00edos, perdes d\u2019informaci\u00f3n o corrupci\u00f3n de los datos.<\/p>\n<p>Disp\u00f3nse de sirvidores con capacid\u00e1 suficiente pa mantener estos datos con plenes garant\u00edes de segurid\u00e1, integrid\u00e1 y disponibilid\u00e1. Como titular de los datos puede exercer los sos derechos dirix\u00e9ndose a la direcci\u00f3n de corr\u00e9u electr\u00f3nicu info@aladanza.com, indicando nel asuntu\u2019l derechu que quier exercer.<\/p>\n<p>Cuando s\u2019unvien comunicaciones comerciales a les persones usuaries de la nuestra web que remitieran el formulariu de contactu, van establecese na comunicaci\u00f3n les indicaciones clares de c\u00f3mo proceder a revocar esti consentimientu. Tolos unvios de calter comercial o publicitariu, pueden cancelalos les persones usuaries en tou momentu y siempre con un procedimientu cenciellu y gratuitu, pente medies de corr\u00e9u electr\u00f3nicu solicitando baxa o per aciu del usu d\u2019un enllaz de cancelaci\u00f3n. Por favor, nun dude en consultanos esti tema en cualesquier momentu o acceder a esta pol\u00edtica de privacid\u00e1 otra vuelta, na nuestra p\u00e1xina web.<\/p>\n<ol start=\"2\">\n<li><strong>Derechos de Protecci\u00f3n de Datos<\/strong><\/li>\n<\/ol>\n<p>Los Responsables del Tratamientu comprom\u00e9tense a respetar la confidencialid\u00e1 de los sos Datos Personales y a garantiza-y l\u2019exerciciu de los sos derechos. En tou momentu va poder exercer los sos derechos d\u2019accesu, igua, cancelaci\u00f3n, oposici\u00f3n, supresi\u00f3n y limitaci\u00f3n pente medies del unviu d\u2019un corr\u00e9u electr\u00f3nicu a: info@aladanza.com, indic\u00e1ndonos el motivu de la so solicit\u00fa. En casu necesariu, vamos poder pidi-y copia del so DNI, pasaporte o otru documentu v\u00e1lidu que lu o la identifique. Nel casu de que decidiera exercer esos derechos y que como parte de los datos personales que nos apurriera conste\u2019l corr\u00e9u electr\u00f3nicu, agradecer\u00edamos-y que na mencionada comunicaci\u00f3n ficiera constar de mou espec\u00edficu esa circunstancia, indicando la direcci\u00f3n de corr\u00e9u electr\u00f3nicu respecto de la que quier exercitar el so derechu.<\/p>\n<ol start=\"3\"><\/ol>\n<p>[\/et_pb_text][\/et_pb_column][\/et_pb_row][\/et_pb_section]<\/p>\n","protected":false},"excerpt":{"rendered":"<p>Pol\u00edtica de Privacid\u00e1 En cumplimientu de lo dispuesto nel Reglamentu Xeneral de Protecci\u00f3n de Datos vixente na Uni\u00f3n Europea, el titular d\u2019esti consentimientu autoriza a Rosa Mar\u00eda Cuervo Jim\u00e9nez a tratar los sos datos personales, y otorga esta autorizaci\u00f3n de manera espresa, llibre, inequ\u00edvoca y informada. De la mesma manera, el titular d\u2019esti consentimientu ta [&hellip;]<\/p>\n","protected":false},"author":1,"featured_media":0,"parent":0,"menu_order":0,"comment_status":"closed","ping_status":"closed","template":"","meta":{"_seopress_robots_primary_cat":"","_seopress_titles_title":"","_seopress_titles_desc":"","_seopress_robots_index":"","_et_pb_use_builder":"on","_et_pb_old_content":"","_et_gb_content_width":"","footnotes":""},"class_list":["post-338","page","type-page","status-publish","hentry"],"_links":{"self":[{"href":"https:\/\/aladanza.com\/ast-es\/wp-json\/wp\/v2\/pages\/338","targetHints":{"allow":["GET"]}}],"collection":[{"href":"https:\/\/aladanza.com\/ast-es\/wp-json\/wp\/v2\/pages"}],"about":[{"href":"https:\/\/aladanza.com\/ast-es\/wp-json\/wp\/v2\/types\/page"}],"author":[{"embeddable":true,"href":"https:\/\/aladanza.com\/ast-es\/wp-json\/wp\/v2\/users\/1"}],"replies":[{"embeddable":true,"href":"https:\/\/aladanza.com\/ast-es\/wp-json\/wp\/v2\/comments?post=338"}],"version-history":[{"count":0,"href":"https:\/\/aladanza.com\/ast-es\/wp-json\/wp\/v2\/pages\/338\/revisions"}],"wp:attachment":[{"href":"https:\/\/aladanza.com\/ast-es\/wp-json\/wp\/v2\/media?parent=338"}],"curies":[{"name":"wp","href":"https:\/\/api.w.org\/{rel}","templated":true}]}}